{"id":18519,"date":"2026-07-11T21:55:52","date_gmt":"2026-07-11T21:55:52","guid":{"rendered":"https:\/\/dermaprexmagistral.com\/?post_type=product&#038;p=18519"},"modified":"2026-07-21T17:28:14","modified_gmt":"2026-07-21T17:28:14","slug":"pack-crecimiento","status":"publish","type":"product","link":"https:\/\/dermaprexmagistral.com\/en\/product\/pack-crecimiento\/","title":{"rendered":"Pack Crecimiento"},"content":{"rendered":"<p class=\"PDq2pG_selectionAnchorContainer\" data-start=\"21\" data-end=\"262\">Una rutina t\u00f3pica dise\u00f1ada para ayudar a controlar la ca\u00edda capilar, fortalecer el cabello desde la ra\u00edz y favorecer una apariencia de mayor densidad. El pack incluye tres lociones Creze Max Extra para mantener la constancia del tratamiento.<\/p>\n<p data-start=\"264\" data-end=\"371\">Recomendado para personas con debilitamiento o ca\u00edda progresiva del cabello, previa evaluaci\u00f3n profesional.<\/p>\n<h3 data-section-id=\"dt3rii\" data-start=\"373\" data-end=\"390\">\u00bfQu\u00e9 incluye?<\/h3>\n<ul data-start=\"392\" data-end=\"490\">\n<li data-section-id=\"10ofmrs\" data-start=\"392\" data-end=\"430\">3 lociones Creze Max Extra de 60 ml.<\/li>\n<li data-section-id=\"w7pjwj\" data-start=\"431\" data-end=\"490\">1 dermaroller capilar de regalo, sujeto a disponibilidad.<\/li>\n<\/ul>\n<h3 data-section-id=\"g5yl83\" data-start=\"492\" data-end=\"506\">Beneficios<\/h3>\n<ul data-start=\"508\" data-end=\"767\">\n<li data-section-id=\"19mff0\" data-start=\"508\" data-end=\"548\">Ayuda a controlar la ca\u00edda progresiva.<\/li>\n<li data-section-id=\"ibnwvi\" data-start=\"549\" data-end=\"583\">Favorece el crecimiento capilar.<\/li>\n<li data-section-id=\"1efxiji\" data-start=\"584\" data-end=\"633\">Contribuye a mejorar la apariencia de densidad.<\/li>\n<li data-section-id=\"xdnfvi\" data-start=\"634\" data-end=\"671\">Fortalece el cabello desde la ra\u00edz.<\/li>\n<li data-section-id=\"15gutkm\" data-start=\"672\" data-end=\"719\">Permite mantener una rutina t\u00f3pica constante.<\/li>\n<li data-section-id=\"14ejw6k\" data-start=\"720\" data-end=\"767\">Act\u00faa directamente sobre las zonas afectadas.<\/li>\n<\/ul>","protected":false},"excerpt":{"rendered":"<p>Una rutina t\u00f3pica dise\u00f1ada para ayudar a controlar la ca\u00edda capilar, fortalecer el cabello desde la ra\u00edz y favorecer una<\/p>","protected":false},"featured_media":18520,"comment_status":"closed","ping_status":"closed","template":"","meta":{"_acf_changed":false},"product_brand":[],"product_cat":[190],"product_tag":[],"class_list":["post-18519","product","type-product","status-publish","has-post-thumbnail","product_cat-packs-y-promos","first","instock","sale","shipping-taxable","purchasable","product-type-simple"],"acf":[],"_links":{"self":[{"href":"https:\/\/dermaprexmagistral.com\/en\/wp-json\/wp\/v2\/product\/18519","targetHints":{"allow":["GET"]}}],"collection":[{"href":"https:\/\/dermaprexmagistral.com\/en\/wp-json\/wp\/v2\/product"}],"about":[{"href":"https:\/\/dermaprexmagistral.com\/en\/wp-json\/wp\/v2\/types\/product"}],"replies":[{"embeddable":true,"href":"https:\/\/dermaprexmagistral.com\/en\/wp-json\/wp\/v2\/comments?post=18519"}],"version-history":[{"count":2,"href":"https:\/\/dermaprexmagistral.com\/en\/wp-json\/wp\/v2\/product\/18519\/revisions"}],"predecessor-version":[{"id":18522,"href":"https:\/\/dermaprexmagistral.com\/en\/wp-json\/wp\/v2\/product\/18519\/revisions\/18522"}],"wp:featuredmedia":[{"embeddable":true,"href":"https:\/\/dermaprexmagistral.com\/en\/wp-json\/wp\/v2\/media\/18520"}],"wp:attachment":[{"href":"https:\/\/dermaprexmagistral.com\/en\/wp-json\/wp\/v2\/media?parent=18519"}],"wp:term":[{"taxonomy":"product_brand","embeddable":true,"href":"https:\/\/dermaprexmagistral.com\/en\/wp-json\/wp\/v2\/product_brand?post=18519"},{"taxonomy":"product_cat","embeddable":true,"href":"https:\/\/dermaprexmagistral.com\/en\/wp-json\/wp\/v2\/product_cat?post=18519"},{"taxonomy":"product_tag","embeddable":true,"href":"https:\/\/dermaprexmagistral.com\/en\/wp-json\/wp\/v2\/product_tag?post=18519"}],"curies":[{"name":"wp","href":"https:\/\/api.w.org\/{rel}","templated":true}]}}